{"id":18243,"date":"2020-04-30T12:04:55","date_gmt":"2020-04-30T10:04:55","guid":{"rendered":"http:\/\/www.altercampagne.net\/?page_id=18243"},"modified":"2025-05-02T20:22:56","modified_gmt":"2025-05-02T18:22:56","slug":"preparer-ses-bagages-pour-laltertour","status":"publish","type":"page","link":"https:\/\/www.altercampagne.net\/?page_id=18243","title":{"rendered":"Pr\u00e9parer ses bagages pour l&rsquo;AlterTour ou le Bi\u00e8reTour"},"content":{"rendered":"\n<p>Que faut il emporter ? Que faut il laisser \u00e0 la maison ? Voyager \u00e0 v\u00e9lo, c&rsquo;est aussi voyager avec une volume et un poids r\u00e9duit et ce n&rsquo;est pas toujours facile de partir avec les bonnes choses.<\/p>\n\n\n<div class=\"wp-block-image\">\n<figure class=\"alignleft size-large is-resized\"><img loading=\"lazy\" decoding=\"async\" width=\"200\" height=\"200\" src=\"http:\/\/www.altercampagne.net\/wp-content\/uploads\/2019\/12\/2019-11-26-Fabien.jpg\" alt=\"\" class=\"wp-image-16622\" style=\"width:200px;height:200px\" srcset=\"https:\/\/www.altercampagne.net\/wp-content\/uploads\/2019\/12\/2019-11-26-Fabien.jpg 200w, https:\/\/www.altercampagne.net\/wp-content\/uploads\/2019\/12\/2019-11-26-Fabien-150x150.jpg 150w, https:\/\/www.altercampagne.net\/wp-content\/uploads\/2019\/12\/2019-11-26-Fabien-100x100.jpg 100w\" sizes=\"auto, (max-width: 200px) 100vw, 200px\" \/><figcaption class=\"wp-element-caption\"><br><br><\/figcaption><\/figure>\n<\/div>\n\n\n<p><br><\/p>\n\n\n\n<p>Pour t&rsquo;aider \u00e0 y voir plus clair, je te propose de te partager mon exp\u00e9rience d&rsquo;Altercycliste mais aussi de cyclovoyageur.<\/p>\n\n\n\n<h4 class=\"wp-block-heading\"><br>Voici ce que j&#8217;emporte \u00e0 l&rsquo;AlterTour\/Bi\u00e8reTour :<br><\/h4>\n\n\n\n<figure class=\"wp-block-image alignwide size-large is-style-default\"><img loading=\"lazy\" decoding=\"async\" width=\"800\" height=\"600\" src=\"http:\/\/www.altercampagne.net\/wp-content\/uploads\/2020\/05\/rsz_to_800x600_contenu_sacoches_dodo.png\" alt=\"\" class=\"wp-image-18306\" srcset=\"https:\/\/www.altercampagne.net\/wp-content\/uploads\/2020\/05\/rsz_to_800x600_contenu_sacoches_dodo.png 800w, https:\/\/www.altercampagne.net\/wp-content\/uploads\/2020\/05\/rsz_to_800x600_contenu_sacoches_dodo-300x225.png 300w, https:\/\/www.altercampagne.net\/wp-content\/uploads\/2020\/05\/rsz_to_800x600_contenu_sacoches_dodo-768x576.png 768w, https:\/\/www.altercampagne.net\/wp-content\/uploads\/2020\/05\/rsz_to_800x600_contenu_sacoches_dodo-610x458.png 610w, https:\/\/www.altercampagne.net\/wp-content\/uploads\/2020\/05\/rsz_to_800x600_contenu_sacoches_dodo-100x75.png 100w\" sizes=\"auto, (max-width: 800px) 100vw, 800px\" \/><figcaption class=\"wp-element-caption\">Une sacoche qui contient le dodo, poids total = 5,50 kg<\/figcaption><\/figure>\n\n\n\n<figure class=\"wp-block-image alignwide size-large is-style-default\"><img loading=\"lazy\" decoding=\"async\" width=\"676\" height=\"600\" src=\"http:\/\/www.altercampagne.net\/wp-content\/uploads\/2020\/05\/rsz_to_800x600_contenu_sacoches_vetements.png\" alt=\"\" class=\"wp-image-18308\" srcset=\"https:\/\/www.altercampagne.net\/wp-content\/uploads\/2020\/05\/rsz_to_800x600_contenu_sacoches_vetements.png 676w, https:\/\/www.altercampagne.net\/wp-content\/uploads\/2020\/05\/rsz_to_800x600_contenu_sacoches_vetements-300x266.png 300w, https:\/\/www.altercampagne.net\/wp-content\/uploads\/2020\/05\/rsz_to_800x600_contenu_sacoches_vetements-610x541.png 610w, https:\/\/www.altercampagne.net\/wp-content\/uploads\/2020\/05\/rsz_to_800x600_contenu_sacoches_vetements-100x89.png 100w\" sizes=\"auto, (max-width: 676px) 100vw, 676px\" \/><figcaption class=\"wp-element-caption\">Une sacoche pour le reste, poids total = 5,65 kg<\/figcaption><\/figure>\n\n\n\n<p>donc un total de 11,15 kg sacoches comprises.<\/p>\n\n\n\n<h4 class=\"wp-block-heading\">Prendre l&rsquo;essentiel<\/h4>\n\n\n\n<p>Les choses dont on va avoir le plus besoin sur l&rsquo;AlterTour\/Bi\u00e8reTour sont :<\/p>\n\n\n\n<ul class=\"wp-block-list\">\n<li>de quoi dormir<\/li>\n\n\n\n<li>de quoi s&rsquo;habiller<\/li>\n\n\n\n<li>de quoi se prot\u00e9ger de la pluie<\/li>\n\n\n\n<li>le matos d&rsquo;hygi\u00e8ne classique<\/li>\n<\/ul>\n\n\n\n<p>Pour <strong>dormir<\/strong>, c&rsquo;est tr\u00e8s simple, une tente, un matelas et un duvet. Il existe pl\u00e9thore de mod\u00e8les. Le mieux est de prendre ce que tu as d\u00e9j\u00e0. Si tu as le choix ou que tu n&rsquo;es pas encore \u00e9quip\u00e9\u00b7e, privil\u00e9gie une tente l\u00e9g\u00e8re et peu volumineuse plut\u00f4t qu&rsquo;une tente 2 secondes.<\/p>\n\n\n\n<p>Pour <strong>s&rsquo;habiller<\/strong>, c&rsquo;est bien souvent l\u00e0 qu&rsquo;on emporte trop de choses.<br>On peut avoir l&rsquo;impression qu&rsquo;il faut emporter beaucoup de v\u00eatements alors que finalement on peut les laver facilement sur la route. Pour les sous-v\u00eatement, je recommande 3 exemplaires, et puis pour le reste, le mieux pour ne pas avoir trop de poids et de volume est de faire <strong><em>la technique de l&rsquo;oignon<\/em><\/strong> :<\/p>\n\n\n<div class=\"wp-block-image\">\n<figure class=\"alignright size-medium is-resized\"><img loading=\"lazy\" decoding=\"async\" width=\"300\" height=\"200\" src=\"http:\/\/www.altercampagne.net\/wp-content\/uploads\/2020\/04\/oignon-300x200.jpeg\" alt=\"\" class=\"wp-image-18252\" style=\"width:219px;height:146px\" srcset=\"https:\/\/www.altercampagne.net\/wp-content\/uploads\/2020\/04\/oignon-300x200.jpeg 300w, https:\/\/www.altercampagne.net\/wp-content\/uploads\/2020\/04\/oignon-1024x683.jpeg 1024w, https:\/\/www.altercampagne.net\/wp-content\/uploads\/2020\/04\/oignon-768x512.jpeg 768w, https:\/\/www.altercampagne.net\/wp-content\/uploads\/2020\/04\/oignon-610x407.jpeg 610w, https:\/\/www.altercampagne.net\/wp-content\/uploads\/2020\/04\/oignon-100x67.jpeg 100w, https:\/\/www.altercampagne.net\/wp-content\/uploads\/2020\/04\/oignon-862x575.jpeg 862w, https:\/\/www.altercampagne.net\/wp-content\/uploads\/2020\/04\/oignon-1140x760.jpeg 1140w, https:\/\/www.altercampagne.net\/wp-content\/uploads\/2020\/04\/oignon.jpeg 1200w\" sizes=\"auto, (max-width: 300px) 100vw, 300px\" \/><\/figure>\n<\/div>\n\n\n<p>avoir plusieurs couches qu&rsquo;on peut enlever ou remettre en fonction des conditions.<br>Par exemple, en premier, un t-shirt respirant, \u00e9ventuellement un sous-pull (qu&rsquo;on pourra porter le soir), une polaire (si possible a zip qu&rsquo;on peut ouvrir d&rsquo;une seule main dans les c\u00f4tes), et un v\u00eatement chaud pour les soir\u00e9es plus fra\u00eeches (qui peut \u00eatre une doudoune en plume si on en a ou un pull fera l&rsquo;affaire si on a pas de doudoune). Un short ou deux (ou jupe) et un pantalon pour les soir\u00e9es plus fra\u00eeches.<\/p>\n\n\n\n<p>Pour <strong>la pluie<\/strong>, une cape de pluie ou une une veste + un pantalon de pluie sont id\u00e9als. Normalement il fait toujours beau sur l&rsquo;AlterTour ou sur le Bi\u00e8reTour, mais il arrive que parfois, il y ait une exception \u00e0 cette r\u00e8gle, mieux vaut donc \u00eatre \u00e9quip\u00e9\u00b7e au cas o\u00f9&#8230;<br><\/p>\n\n\n\n<p>Pour l&rsquo;<strong>hygi\u00e8ne<\/strong>, l\u00e0 aussi, il faut viser le minimum. Personnellement je prends une brosse \u00e0 dent + dentifrice, une serviette et une savonnette qui servira \u00e0 tout faire (corps, cheveux, lessive). Rien de plus. Mais si tu as besoin de plus, il faut prendre ce que tu as besoin, on est pas tous pareils !<\/p>\n\n\n\n<ul class=\"wp-block-list\">\n<li>Avoir ses r\u00e8gles ne doit pas \u00eatre un obstacle \u00e0 la participation \u00e0 l\u2019AlterTour ! L\u2019organisation quotidienne assure un acc\u00e8s \u00e0 des toilettes avec un point d&rsquo;eau pour nettoyer une cup, ainsi qu&rsquo;\u00e0 une casserole d\u00e9di\u00e9e pour la st\u00e9riliser.<\/li>\n<\/ul>\n\n\n\n<ul class=\"wp-block-list\">\n<li>Si tu le souhaites et que tu ne veux pas alourdir tes sacoches, pas besoin d&#8217;emmener ton soutien \u00e0 gorge ou ton rasoir. L&rsquo;AlterTour est un espace bienveillant o\u00f9 tu peux \u00eatre toi m\u00eame comme tu en as envie.\u00a0<\/li>\n<\/ul>\n\n\n\n<h4 class=\"wp-block-heading\">\u00c9viter le superflu<\/h4>\n\n\n\n<p>Sur l&rsquo;AlterTour et le Bi\u00e8reTour, on a g\u00e9n\u00e9ralement pas trop le temps de s&#8217;emb\u00eater, il y a beaucoup de choses dans le programme, il y a aussi les rencontres avec les accueillants, avec les autres Altercyclistes, les moments de repas, les ap\u00e9ros, &#8230; qui comblent ce qui reste. Inutile donc de venir avec tout ton mat\u00e9riel de th\u00e8se en pensant pouvoir la faire avancer au cours du voyage, tu n&rsquo;en auras pas le temps (c&rsquo;est un exemple r\u00e9el qui est d\u00e9j\u00e0 arriv\u00e9). Idem pour les livres, j&rsquo;en prenais toujours un pendant les premi\u00e8res fois et je n&rsquo;ai finalement jamais eu le temps de les ouvrir. Chacun fait comme il veut, mais mieux vaut privil\u00e9gier des ouvrages plut\u00f4t l\u00e9ger si tu souhaites vraiment en emporter, inutile de prendre tous les tomes du Seigneur des anneaux.<\/p>\n\n\n\n<p>Pas besoin d&rsquo;apporter une popote, un r\u00e9chaud, des outils, &#8230; tout cela est fourni par l&rsquo;AlterTour\/Bi\u00e8reTour. Il y a une \u00e9quipe cuisine pour les repas, les couverts, assiette, verre, &#8230; sont fournis et il y a du mat\u00e9riel de r\u00e9paration dans le camion qui suit le convoi ainsi que de l&rsquo;eau et des graines pour les pauses.<\/p>\n\n\n\n<h4 class=\"wp-block-heading\">Les indispensables<\/h4>\n\n\n\n<ul class=\"wp-block-list\">\n<li>une lampe frontale, pour retrouver ta tente le soir, c&rsquo;est super pratique<\/li>\n\n\n\n<li>un maillot de bain pour faire des pauses baignades<\/li>\n\n\n\n<li>une gourde pour boire entre deux pauses<\/li>\n<\/ul>\n\n\n\n<h2 class=\"wp-block-heading\">Transporter les bagages<\/h2>\n\n\n\n<h4 class=\"wp-block-heading\">Cette ann\u00e9e, chacun porte ses bagages&nbsp;!<\/h4>\n\n\n\n<p>Depuis 2020, nous ne pouvons plus porter tous les bagages dans le camion comme nous le proposions avant. Le code de la route et la responsabilit\u00e9 qui nous incombe ne nous le permet pas.<\/p>\n\n\n\n<p>Il va donc falloir trouver d&rsquo;autres solutions, par exemple porter ses bagages sur le v\u00e9lo pour ceux qui le peuvent ou qui ont envie d&rsquo;essayer. Nous allons aussi pouvoir faire un petit r\u00e9seau de porteur solidaires, des gens qui ont peu de bagages, qui se sentent en forme et qui ont envie de d\u00e9lester de quelques kilos les personnes pour qui c&rsquo;est un peu trop.<br>Il y aura quand m\u00eame une possibilit\u00e9 de mettre ses bagages sur le toit du minibus pour ceux qui ne se sentent pas d&rsquo;essayer de les porter.<\/p>\n\n\n\n<p>Dans tous les cas, l&rsquo;id\u00e9al est donc d&rsquo;avoir des bagages l\u00e9gers, \u00e7a soulagera tes mollets si c&rsquo;est toi qui les porte, les mollets du copain\u00b7ine si tu en fais porter une partie, ou le camion si jamais tes bagages doivent finir sur un toit. Dans tous les cas, c&rsquo;est un bon exercice de voyager plus l\u00e9ger, c&rsquo;est tr\u00e8s utile pour faire d&rsquo;autres voyage \u00e0 v\u00e9lo, et m\u00eame voyages sans v\u00e9lo !<br><\/p>\n\n\n\n<h4 class=\"wp-block-heading\">Des sacoches, et te voil\u00e0 l\u2019as du voyage&nbsp;!<\/h4>\n\n\n\n<p>Pour transporter les bagages sur un v\u00e9lo, le plus adapt\u00e9 c&rsquo;est bien s\u00fbr une sacoche de v\u00e9lo ! Si tu en as d\u00e9j\u00e0, c&rsquo;est g\u00e9nial, viens avec (toutes les sacoches s&rsquo;adaptent aux v\u00e9los de l&rsquo;AlterTour\/Bi\u00e8reTour si tu viens sans v\u00e9lo). Si tu n&rsquo;en as pas, tu peux soit en emprunter, en <strong><a aria-label=\"louer (s\u2019ouvre dans un nouvel onglet)\" rel=\"noreferrer noopener\" href=\"https:\/\/www.cyclonautes.com\/produit\/sacoches-velo-40lpaire\/\" target=\"_blank\">louer<\/a>,<\/strong> en <a aria-label=\"fabriquer (s\u2019ouvre dans un nouvel onglet)\" rel=\"noreferrer noopener\" href=\"http:\/\/montreuil.fubicy.org\/sacoches.htm\" target=\"_blank\"><strong>fabriquer<\/strong><\/a> ou en <a aria-label=\" (s\u2019ouvre dans un nouvel onglet)\" rel=\"noreferrer noopener\" href=\"https:\/\/www.cyclo-randonnee.fr\/sacoche-ortlieb-211\/paire-de-sacoches-arrieres-ortlieb-back-roller-city-1337.html\" target=\"_blank\"><strong>acheter<\/strong><\/a> (par exemple) si vous avez besoin de conseils, je peux vous aider, mes coordonn\u00e9es sont en bas de la page. Dans tous les cas, <strong>il ne faut pas envisager de faire du v\u00e9lo avec un sac sur le dos<\/strong>, ce n&rsquo;est vraiment pas confortable.<\/p>\n\n\n\n<p> Voici un tuto pour fabriquer des sacoches avec tr\u00e8s peu de mat\u00e9riel et tr\u00e8s peu de savoir faire : <strong><a href=\"http:\/\/www.altercampagne.net\/?p=18955\">Tuto pour fabriquer des sacoches avec une caisse en plastique<\/a><\/strong>. <\/p>\n\n\n\n<h4 class=\"wp-block-heading\">Faire un essai avant de partir<\/h4>\n\n\n\n<p><strong>Le must du must pour bien pr\u00e9parer ses bagages,<\/strong> <strong>c&rsquo;est d&rsquo;essayer<\/strong> de le faire un peu avant l&rsquo;AlterTour\/Bi\u00e8reTour<strong>, <\/strong>de partir en v\u00e9lo et de passer une nuit en tente, le WE d&rsquo;avant par exemple. A ce moment l\u00e0, tu verras tout de suite ce qu&rsquo;il te manque (la lampe frontale par exemple) et ce qui ne te sert \u00e0 rien (les 25 bouquins par exemple). Mais on a pas tous cette possibilit\u00e9, si tu ne peux pas, ce n&rsquo;est pas grave du tout car maintenant que tu as pratiquement tout lu, tu sais ce qu&rsquo;il faut emporter \ud83d\ude42<\/p>\n","protected":false},"excerpt":{"rendered":"<p>Que faut il emporter ? Que faut il laisser \u00e0 la maison ? Voyager \u00e0 v\u00e9lo, c&rsquo;est aussi voyager avec une volume et un poids r\u00e9duit et ce n&rsquo;est pas toujours facile de partir avec les bonnes choses. Pour t&rsquo;aider \u00e0 y voir plus clair, je te propose de te &#8230; <\/p>\n<div><a href=\"https:\/\/www.altercampagne.net\/?page_id=18243\" class=\"more-link\">Read More<\/a><\/div>\n","protected":false},"author":231,"featured_media":0,"parent":0,"menu_order":0,"comment_status":"closed","ping_status":"closed","template":"","meta":{"footnotes":""},"class_list":["post-18243","page","type-page","status-publish","hentry","no-post-thumbnail"],"yoast_head":"<!-- This site is optimized with the Yoast SEO plugin v27.3 - https:\/\/yoast.com\/product\/yoast-seo-wordpress\/ -->\n<title>Pr\u00e9parer ses bagages pour l&#039;AlterTour ou le Bi\u00e8reTour - AlterTour<\/title>\n<meta name=\"robots\" content=\"index, follow, max-snippet:-1, max-image-preview:large, max-video-preview:-1\" \/>\n<link rel=\"canonical\" href=\"https:\/\/www.altercampagne.net\/?page_id=18243\" \/>\n<meta property=\"og:locale\" content=\"fr_FR\" \/>\n<meta property=\"og:type\" content=\"article\" \/>\n<meta property=\"og:title\" content=\"Pr\u00e9parer ses bagages pour l&#039;AlterTour ou le Bi\u00e8reTour - AlterTour\" \/>\n<meta property=\"og:description\" content=\"Que faut il emporter ? Que faut il laisser \u00e0 la maison ? Voyager \u00e0 v\u00e9lo, c&rsquo;est aussi voyager avec une volume et un poids r\u00e9duit et ce n&rsquo;est pas toujours facile de partir avec les bonnes choses. Pour t&rsquo;aider \u00e0 y voir plus clair, je te propose de te ... Read More\" \/>\n<meta property=\"og:url\" content=\"https:\/\/www.altercampagne.net\/?page_id=18243\" \/>\n<meta property=\"og:site_name\" content=\"AlterTour\" \/>\n<meta property=\"article:modified_time\" content=\"2025-05-02T18:22:56+00:00\" \/>\n<meta property=\"og:image\" content=\"https:\/\/www.altercampagne.net\/wp-content\/uploads\/2019\/12\/2019-11-26-Fabien.jpg\" \/>\n\t<meta property=\"og:image:width\" content=\"200\" \/>\n\t<meta property=\"og:image:height\" content=\"200\" \/>\n\t<meta property=\"og:image:type\" content=\"image\/jpeg\" \/>\n<meta name=\"twitter:card\" content=\"summary_large_image\" \/>\n<meta name=\"twitter:label1\" content=\"Dur\u00e9e de lecture estim\u00e9e\" \/>\n\t<meta name=\"twitter:data1\" content=\"7 minutes\" \/>\n<script type=\"application\/ld+json\" class=\"yoast-schema-graph\">{\"@context\":\"https:\\\/\\\/schema.org\",\"@graph\":[{\"@type\":\"WebPage\",\"@id\":\"https:\\\/\\\/www.altercampagne.net\\\/?page_id=18243\",\"url\":\"https:\\\/\\\/www.altercampagne.net\\\/?page_id=18243\",\"name\":\"Pr\u00e9parer ses bagages pour l'AlterTour ou le Bi\u00e8reTour - AlterTour\",\"isPartOf\":{\"@id\":\"https:\\\/\\\/www.altercampagne.net\\\/#website\"},\"primaryImageOfPage\":{\"@id\":\"https:\\\/\\\/www.altercampagne.net\\\/?page_id=18243#primaryimage\"},\"image\":{\"@id\":\"https:\\\/\\\/www.altercampagne.net\\\/?page_id=18243#primaryimage\"},\"thumbnailUrl\":\"http:\\\/\\\/www.altercampagne.net\\\/wp-content\\\/uploads\\\/2019\\\/12\\\/2019-11-26-Fabien.jpg\",\"datePublished\":\"2020-04-30T10:04:55+00:00\",\"dateModified\":\"2025-05-02T18:22:56+00:00\",\"breadcrumb\":{\"@id\":\"https:\\\/\\\/www.altercampagne.net\\\/?page_id=18243#breadcrumb\"},\"inLanguage\":\"fr-FR\",\"potentialAction\":[{\"@type\":\"ReadAction\",\"target\":[\"https:\\\/\\\/www.altercampagne.net\\\/?page_id=18243\"]}]},{\"@type\":\"ImageObject\",\"inLanguage\":\"fr-FR\",\"@id\":\"https:\\\/\\\/www.altercampagne.net\\\/?page_id=18243#primaryimage\",\"url\":\"https:\\\/\\\/www.altercampagne.net\\\/wp-content\\\/uploads\\\/2019\\\/12\\\/2019-11-26-Fabien.jpg\",\"contentUrl\":\"https:\\\/\\\/www.altercampagne.net\\\/wp-content\\\/uploads\\\/2019\\\/12\\\/2019-11-26-Fabien.jpg\",\"width\":200,\"height\":200},{\"@type\":\"BreadcrumbList\",\"@id\":\"https:\\\/\\\/www.altercampagne.net\\\/?page_id=18243#breadcrumb\",\"itemListElement\":[{\"@type\":\"ListItem\",\"position\":1,\"name\":\"Accueil\",\"item\":\"https:\\\/\\\/www.altercampagne.net\\\/\"},{\"@type\":\"ListItem\",\"position\":2,\"name\":\"Pr\u00e9parer ses bagages pour l&rsquo;AlterTour ou le Bi\u00e8reTour\"}]},{\"@type\":\"WebSite\",\"@id\":\"https:\\\/\\\/www.altercampagne.net\\\/#website\",\"url\":\"https:\\\/\\\/www.altercampagne.net\\\/\",\"name\":\"AlterTour\",\"description\":\"Reliez les Alternatives \u00e0 v\u00e9lo\",\"potentialAction\":[{\"@type\":\"SearchAction\",\"target\":{\"@type\":\"EntryPoint\",\"urlTemplate\":\"https:\\\/\\\/www.altercampagne.net\\\/?s={search_term_string}\"},\"query-input\":{\"@type\":\"PropertyValueSpecification\",\"valueRequired\":true,\"valueName\":\"search_term_string\"}}],\"inLanguage\":\"fr-FR\"}]}<\/script>\n<!-- \/ Yoast SEO plugin. -->","yoast_head_json":{"title":"Pr\u00e9parer ses bagages pour l'AlterTour ou le Bi\u00e8reTour - AlterTour","robots":{"index":"index","follow":"follow","max-snippet":"max-snippet:-1","max-image-preview":"max-image-preview:large","max-video-preview":"max-video-preview:-1"},"canonical":"https:\/\/www.altercampagne.net\/?page_id=18243","og_locale":"fr_FR","og_type":"article","og_title":"Pr\u00e9parer ses bagages pour l'AlterTour ou le Bi\u00e8reTour - AlterTour","og_description":"Que faut il emporter ? Que faut il laisser \u00e0 la maison ? Voyager \u00e0 v\u00e9lo, c&rsquo;est aussi voyager avec une volume et un poids r\u00e9duit et ce n&rsquo;est pas toujours facile de partir avec les bonnes choses. Pour t&rsquo;aider \u00e0 y voir plus clair, je te propose de te ... Read More","og_url":"https:\/\/www.altercampagne.net\/?page_id=18243","og_site_name":"AlterTour","article_modified_time":"2025-05-02T18:22:56+00:00","og_image":[{"width":200,"height":200,"url":"https:\/\/www.altercampagne.net\/wp-content\/uploads\/2019\/12\/2019-11-26-Fabien.jpg","type":"image\/jpeg"}],"twitter_card":"summary_large_image","twitter_misc":{"Dur\u00e9e de lecture estim\u00e9e":"7 minutes"},"schema":{"@context":"https:\/\/schema.org","@graph":[{"@type":"WebPage","@id":"https:\/\/www.altercampagne.net\/?page_id=18243","url":"https:\/\/www.altercampagne.net\/?page_id=18243","name":"Pr\u00e9parer ses bagages pour l'AlterTour ou le Bi\u00e8reTour - AlterTour","isPartOf":{"@id":"https:\/\/www.altercampagne.net\/#website"},"primaryImageOfPage":{"@id":"https:\/\/www.altercampagne.net\/?page_id=18243#primaryimage"},"image":{"@id":"https:\/\/www.altercampagne.net\/?page_id=18243#primaryimage"},"thumbnailUrl":"http:\/\/www.altercampagne.net\/wp-content\/uploads\/2019\/12\/2019-11-26-Fabien.jpg","datePublished":"2020-04-30T10:04:55+00:00","dateModified":"2025-05-02T18:22:56+00:00","breadcrumb":{"@id":"https:\/\/www.altercampagne.net\/?page_id=18243#breadcrumb"},"inLanguage":"fr-FR","potentialAction":[{"@type":"ReadAction","target":["https:\/\/www.altercampagne.net\/?page_id=18243"]}]},{"@type":"ImageObject","inLanguage":"fr-FR","@id":"https:\/\/www.altercampagne.net\/?page_id=18243#primaryimage","url":"https:\/\/www.altercampagne.net\/wp-content\/uploads\/2019\/12\/2019-11-26-Fabien.jpg","contentUrl":"https:\/\/www.altercampagne.net\/wp-content\/uploads\/2019\/12\/2019-11-26-Fabien.jpg","width":200,"height":200},{"@type":"BreadcrumbList","@id":"https:\/\/www.altercampagne.net\/?page_id=18243#breadcrumb","itemListElement":[{"@type":"ListItem","position":1,"name":"Accueil","item":"https:\/\/www.altercampagne.net\/"},{"@type":"ListItem","position":2,"name":"Pr\u00e9parer ses bagages pour l&rsquo;AlterTour ou le Bi\u00e8reTour"}]},{"@type":"WebSite","@id":"https:\/\/www.altercampagne.net\/#website","url":"https:\/\/www.altercampagne.net\/","name":"AlterTour","description":"Reliez les Alternatives \u00e0 v\u00e9lo","potentialAction":[{"@type":"SearchAction","target":{"@type":"EntryPoint","urlTemplate":"https:\/\/www.altercampagne.net\/?s={search_term_string}"},"query-input":{"@type":"PropertyValueSpecification","valueRequired":true,"valueName":"search_term_string"}}],"inLanguage":"fr-FR"}]}},"_links":{"self":[{"href":"https:\/\/www.altercampagne.net\/index.php?rest_route=\/wp\/v2\/pages\/18243","targetHints":{"allow":["GET"]}}],"collection":[{"href":"https:\/\/www.altercampagne.net\/index.php?rest_route=\/wp\/v2\/pages"}],"about":[{"href":"https:\/\/www.altercampagne.net\/index.php?rest_route=\/wp\/v2\/types\/page"}],"author":[{"embeddable":true,"href":"https:\/\/www.altercampagne.net\/index.php?rest_route=\/wp\/v2\/users\/231"}],"replies":[{"embeddable":true,"href":"https:\/\/www.altercampagne.net\/index.php?rest_route=%2Fwp%2Fv2%2Fcomments&post=18243"}],"version-history":[{"count":36,"href":"https:\/\/www.altercampagne.net\/index.php?rest_route=\/wp\/v2\/pages\/18243\/revisions"}],"predecessor-version":[{"id":29000,"href":"https:\/\/www.altercampagne.net\/index.php?rest_route=\/wp\/v2\/pages\/18243\/revisions\/29000"}],"wp:attachment":[{"href":"https:\/\/www.altercampagne.net\/index.php?rest_route=%2Fwp%2Fv2%2Fmedia&parent=18243"}],"curies":[{"name":"wp","href":"https:\/\/api.w.org\/{rel}","templated":true}]}}